{"id":2862,"date":"2019-02-10T11:10:23","date_gmt":"2019-02-10T14:10:23","guid":{"rendered":"http:\/\/elprismadefer.com\/?page_id=2862"},"modified":"2025-10-27T12:03:47","modified_gmt":"2025-10-27T15:03:47","slug":"galeria-inicial","status":"publish","type":"page","link":"https:\/\/elprismadefer.com\/en\/galeria-inicial\/","title":{"rendered":"Photo gallery"},"content":{"rendered":"<p>This gallery is a collection of photos from my travels around the world: moments and landscapes that left their mark along the way. Each image tells a small part of the story behind El Prisma de Fer, and together they reflect the adventurous spirit that drives me.<\/p>\n\n\n\n<p>There are still many places and memories to add. Little by little, I'll continue updating this gallery with new photos from future trips. So, come back often; there's always something new to discover.<\/p>\n\n\n\n<p class=\"translation-block\"><strong>Copyright Notice:<\/strong> All photos in this gallery are property of <strong>El Prisma de Fer<\/strong> and are protected by copyright law. Reproduction, distribution, or use of these images without prior written consent is strictly prohibited.<\/p>\n\n\n        <div class=\"rttpg-block-postgrid rttpg-block-wrapper rttpg-block-94fdaf tpg-filter-type-dropdown section-title-style-style1 img_hover_animation_default title-default title_position_default title_hover_border_default meta_position_default tpg-is-author-icon-default author-image-visibility-icon tpg-category-position-default readmore-btn-default-style grid-hover-overlay-type-always grid-hover-overlay-height-default hover-overlay-height-default tpg-title-border-default filter-nex-prev-btn-visible tpg-cat-style1 slider-scroll-hide act-label-style-inline\">\n            <div class=\"rt-container-fluid rt-tpg-container tpg-el-main-wrapper tpg-gutenberg clearfix grid_hover-layout3-main\"\n                 id=\"rt-tpg-container-2668074809\"\n                 data-layout=\"grid_hover-layout3\"\n                 data-grid-style=\"tpg-even\" data-sc-id=\"elementor\"\n                 data-el-settings=''\n                 data-el-query=''\n                 data-el-path=''>\n\t\t\t\t                    <div id=\"bottom-script-loader\" class=\"bottom-script-loader\">\n                        <div class=\"rt-ball-clip-rotate\">\n                            <div><\/div>\n                        <\/div>\n                    <\/div>\n\t\t\t\t\t                <div class='tpg-header-wrapper'>\n\t\t\t\t\t                <\/div>\n                <div class=\"rt-row rt-content-loader gutenberg-inner grid_hover-layout3 tpg-even grid-behaviour grid_hover_layout_wrapper\">\n\t\t\t\t\t\n<div class=\"rt-col-md-4 rt-col-sm-6 rt-col-xs-12 default rt-grid-hover-item rt-grid-item\" data-id=\"3860\">\n\t<div class=\"rt-holder tpg-post-holder\">\n\t\t<div class=\"rt-detail rt-el-content-wrapper\">\n\t\t\t\t\t\t\t<div class=\"rt-img-holder tpg-el-image-wrap has-thumbnail\">\n\t\t\t\t\t<a data-id=\"3860\" href=\"https:\/\/elprismadefer.com\/en\/galeria-de-fotos-japon\/\" class=\"tpg-post-link\" target=\"_self\">                        <img loading=\"lazy\" decoding=\"async\" src=\"https:\/\/elprismadefer.com\/wp-content\/uploads\/2019\/08\/japon_blog07.jpg\"\n                             class=\"rt-img-responsive\"\n                             width=\"1200\"\n                             height=\"1600\"\n                             alt=\"Tokio\">\n                        \n                            \n        <\/a>\n                <div class=\"overlay grid-hover-content\"><\/div>\n        \t\t\t\t<\/div>\n\t\t\t\n\t\t\t<div class=\"grid-hover-content\">\n\n\t\t\t\t<div class=\"entry-title-wrapper\"><h3 class=\"entry-title\"><a data-id=\"3860\" href=\"https:\/\/elprismadefer.com\/en\/galeria-de-fotos-japon\/\" class=\"tpg-post-link\" target=\"_self\">Photo Gallery: Japan<\/a><\/h3><\/div>\n\n\t\t\t\t\n\t\t\t\t\n\t\t\t\t\t\t\t<\/div>\n\t\t<\/div>\n\t<\/div>\n<\/div>\n\n<div class=\"rt-col-md-4 rt-col-sm-6 rt-col-xs-12 default rt-grid-hover-item rt-grid-item\" data-id=\"3150\">\n\t<div class=\"rt-holder tpg-post-holder\">\n\t\t<div class=\"rt-detail rt-el-content-wrapper\">\n\t\t\t\t\t\t\t<div class=\"rt-img-holder tpg-el-image-wrap has-thumbnail\">\n\t\t\t\t\t<a data-id=\"3150\" href=\"https:\/\/elprismadefer.com\/en\/galeria-de-fotos-argentina\/\" class=\"tpg-post-link\" target=\"_self\">                        <img loading=\"lazy\" decoding=\"async\" src=\"https:\/\/elprismadefer.com\/wp-content\/uploads\/2019\/02\/argentina05.jpg\"\n                             class=\"rt-img-responsive\"\n                             width=\"1200\"\n                             height=\"798\"\n                             alt=\"Chalten - Argentina\">\n                        \n                            \n        <\/a>\n                <div class=\"overlay grid-hover-content\"><\/div>\n        \t\t\t\t<\/div>\n\t\t\t\n\t\t\t<div class=\"grid-hover-content\">\n\n\t\t\t\t<div class=\"entry-title-wrapper\"><h3 class=\"entry-title\"><a data-id=\"3150\" href=\"https:\/\/elprismadefer.com\/en\/galeria-de-fotos-argentina\/\" class=\"tpg-post-link\" target=\"_self\">Photo gallery: Argentina<\/a><\/h3><\/div>\n\n\t\t\t\t\n\t\t\t\t\n\t\t\t\t\t\t\t<\/div>\n\t\t<\/div>\n\t<\/div>\n<\/div>\n\n<div class=\"rt-col-md-4 rt-col-sm-6 rt-col-xs-12 default rt-grid-hover-item rt-grid-item\" data-id=\"3054\">\n\t<div class=\"rt-holder tpg-post-holder\">\n\t\t<div class=\"rt-detail rt-el-content-wrapper\">\n\t\t\t\t\t\t\t<div class=\"rt-img-holder tpg-el-image-wrap has-thumbnail\">\n\t\t\t\t\t<a data-id=\"3054\" href=\"https:\/\/elprismadefer.com\/en\/galeria-de-fotos-tailandia\/\" class=\"tpg-post-link\" target=\"_self\">                        <img loading=\"lazy\" decoding=\"async\" src=\"https:\/\/elprismadefer.com\/wp-content\/uploads\/2019\/02\/tailandia22.jpg\"\n                             class=\"rt-img-responsive\"\n                             width=\"1200\"\n                             height=\"900\"\n                             alt=\"Ko Phi Phi - Tailandia\">\n                        \n                            \n        <\/a>\n                <div class=\"overlay grid-hover-content\"><\/div>\n        \t\t\t\t<\/div>\n\t\t\t\n\t\t\t<div class=\"grid-hover-content\">\n\n\t\t\t\t<div class=\"entry-title-wrapper\"><h3 class=\"entry-title\"><a data-id=\"3054\" href=\"https:\/\/elprismadefer.com\/en\/galeria-de-fotos-tailandia\/\" class=\"tpg-post-link\" target=\"_self\">Photo Gallery: Thailand<\/a><\/h3><\/div>\n\n\t\t\t\t\n\t\t\t\t\n\t\t\t\t\t\t\t<\/div>\n\t\t<\/div>\n\t<\/div>\n<\/div>\n\n<div class=\"rt-col-md-4 rt-col-sm-6 rt-col-xs-12 default rt-grid-hover-item rt-grid-item\" data-id=\"3036\">\n\t<div class=\"rt-holder tpg-post-holder\">\n\t\t<div class=\"rt-detail rt-el-content-wrapper\">\n\t\t\t\t\t\t\t<div class=\"rt-img-holder tpg-el-image-wrap has-thumbnail\">\n\t\t\t\t\t<a data-id=\"3036\" href=\"https:\/\/elprismadefer.com\/en\/galeria-de-fotos-camboya\/\" class=\"tpg-post-link\" target=\"_self\">                        <img loading=\"lazy\" decoding=\"async\" src=\"https:\/\/elprismadefer.com\/wp-content\/uploads\/2019\/02\/camboya13.jpg\"\n                             class=\"rt-img-responsive\"\n                             width=\"1200\"\n                             height=\"900\"\n                             alt=\"Siem Riep - Camboya\">\n                        \n                            \n        <\/a>\n                <div class=\"overlay grid-hover-content\"><\/div>\n        \t\t\t\t<\/div>\n\t\t\t\n\t\t\t<div class=\"grid-hover-content\">\n\n\t\t\t\t<div class=\"entry-title-wrapper\"><h3 class=\"entry-title\"><a data-id=\"3036\" href=\"https:\/\/elprismadefer.com\/en\/galeria-de-fotos-camboya\/\" class=\"tpg-post-link\" target=\"_self\">Photo Gallery: Cambodia<\/a><\/h3><\/div>\n\n\t\t\t\t\n\t\t\t\t\n\t\t\t\t\t\t\t<\/div>\n\t\t<\/div>\n\t<\/div>\n<\/div>\n\n<div class=\"rt-col-md-4 rt-col-sm-6 rt-col-xs-12 default rt-grid-hover-item rt-grid-item\" data-id=\"2910\">\n\t<div class=\"rt-holder tpg-post-holder\">\n\t\t<div class=\"rt-detail rt-el-content-wrapper\">\n\t\t\t\t\t\t\t<div class=\"rt-img-holder tpg-el-image-wrap has-thumbnail\">\n\t\t\t\t\t<a data-id=\"2910\" href=\"https:\/\/elprismadefer.com\/en\/galeria-de-fotos-bolivia\/\" class=\"tpg-post-link\" target=\"_self\">                        <img loading=\"lazy\" decoding=\"async\" src=\"https:\/\/elprismadefer.com\/wp-content\/uploads\/2019\/02\/bolivia12.jpg\"\n                             class=\"rt-img-responsive\"\n                             width=\"1200\"\n                             height=\"900\"\n                             alt=\"Salar de Uyuni - Bolivia\">\n                        \n                            \n        <\/a>\n                <div class=\"overlay grid-hover-content\"><\/div>\n        \t\t\t\t<\/div>\n\t\t\t\n\t\t\t<div class=\"grid-hover-content\">\n\n\t\t\t\t<div class=\"entry-title-wrapper\"><h3 class=\"entry-title\"><a data-id=\"2910\" href=\"https:\/\/elprismadefer.com\/en\/galeria-de-fotos-bolivia\/\" class=\"tpg-post-link\" target=\"_self\">Photo gallery: Bolivia<\/a><\/h3><\/div>\n\n\t\t\t\t\n\t\t\t\t\n\t\t\t\t\t\t\t<\/div>\n\t\t<\/div>\n\t<\/div>\n<\/div>\n\n<div class=\"rt-col-md-4 rt-col-sm-6 rt-col-xs-12 default rt-grid-hover-item rt-grid-item\" data-id=\"2871\">\n\t<div class=\"rt-holder tpg-post-holder\">\n\t\t<div class=\"rt-detail rt-el-content-wrapper\">\n\t\t\t\t\t\t\t<div class=\"rt-img-holder tpg-el-image-wrap has-thumbnail\">\n\t\t\t\t\t<a data-id=\"2871\" href=\"https:\/\/elprismadefer.com\/en\/galeria-de-fotos-uruguay\/\" class=\"tpg-post-link\" target=\"_self\">                        <img loading=\"lazy\" decoding=\"async\" src=\"https:\/\/elprismadefer.com\/wp-content\/uploads\/2019\/02\/uruguay00.jpg\"\n                             class=\"rt-img-responsive\"\n                             width=\"1200\"\n                             height=\"799\"\n                             alt=\"Colonia\">\n                        \n                            \n        <\/a>\n                <div class=\"overlay grid-hover-content\"><\/div>\n        \t\t\t\t<\/div>\n\t\t\t\n\t\t\t<div class=\"grid-hover-content\">\n\n\t\t\t\t<div class=\"entry-title-wrapper\"><h3 class=\"entry-title\"><a data-id=\"2871\" href=\"https:\/\/elprismadefer.com\/en\/galeria-de-fotos-uruguay\/\" class=\"tpg-post-link\" target=\"_self\">Photo gallery: Uruguay<\/a><\/h3><\/div>\n\n\t\t\t\t\n\t\t\t\t\n\t\t\t\t\t\t\t<\/div>\n\t\t<\/div>\n\t<\/div>\n<\/div>\n\n<div class=\"rt-col-md-4 rt-col-sm-6 rt-col-xs-12 default rt-grid-hover-item rt-grid-item\" data-id=\"2719\">\n\t<div class=\"rt-holder tpg-post-holder\">\n\t\t<div class=\"rt-detail rt-el-content-wrapper\">\n\t\t\t\t\t\t\t<div class=\"rt-img-holder tpg-el-image-wrap has-thumbnail\">\n\t\t\t\t\t<a data-id=\"2719\" href=\"https:\/\/elprismadefer.com\/en\/galeria-de-fotos-colombia\/\" class=\"tpg-post-link\" target=\"_self\">                        <img loading=\"lazy\" decoding=\"async\" src=\"https:\/\/elprismadefer.com\/wp-content\/uploads\/2019\/02\/20180405_182209-hdr-scaled.jpg\"\n                             class=\"rt-img-responsive\"\n                             width=\"1920\"\n                             height=\"2560\"\n                             alt=\"colombia\">\n                        \n                            \n        <\/a>\n                <div class=\"overlay grid-hover-content\"><\/div>\n        \t\t\t\t<\/div>\n\t\t\t\n\t\t\t<div class=\"grid-hover-content\">\n\n\t\t\t\t<div class=\"entry-title-wrapper\"><h3 class=\"entry-title\"><a data-id=\"2719\" href=\"https:\/\/elprismadefer.com\/en\/galeria-de-fotos-colombia\/\" class=\"tpg-post-link\" target=\"_self\">Photo gallery: Colombia<\/a><\/h3><\/div>\n\n\t\t\t\t\n\t\t\t\t\n\t\t\t\t\t\t\t<\/div>\n\t\t<\/div>\n\t<\/div>\n<\/div>\n\n<div class=\"rt-col-md-4 rt-col-sm-6 rt-col-xs-12 default rt-grid-hover-item rt-grid-item\" data-id=\"2717\">\n\t<div class=\"rt-holder tpg-post-holder\">\n\t\t<div class=\"rt-detail rt-el-content-wrapper\">\n\t\t\t\t\t\t\t<div class=\"rt-img-holder tpg-el-image-wrap has-thumbnail\">\n\t\t\t\t\t<a data-id=\"2717\" href=\"https:\/\/elprismadefer.com\/en\/galeria-de-fotos-ecuador\/\" class=\"tpg-post-link\" target=\"_self\">                        <img loading=\"lazy\" decoding=\"async\" src=\"https:\/\/elprismadefer.com\/wp-content\/uploads\/2019\/02\/ecuador01.jpg\"\n                             class=\"rt-img-responsive\"\n                             width=\"1200\"\n                             height=\"779\"\n                             alt=\"Volcan Cotopaxi - Ecuador\">\n                        \n                            \n        <\/a>\n                <div class=\"overlay grid-hover-content\"><\/div>\n        \t\t\t\t<\/div>\n\t\t\t\n\t\t\t<div class=\"grid-hover-content\">\n\n\t\t\t\t<div class=\"entry-title-wrapper\"><h3 class=\"entry-title\"><a data-id=\"2717\" href=\"https:\/\/elprismadefer.com\/en\/galeria-de-fotos-ecuador\/\" class=\"tpg-post-link\" target=\"_self\">Photo gallery: Ecuador<\/a><\/h3><\/div>\n\n\t\t\t\t\n\t\t\t\t\n\t\t\t\t\t\t\t<\/div>\n\t\t<\/div>\n\t<\/div>\n<\/div>\n\n<div class=\"rt-col-md-4 rt-col-sm-6 rt-col-xs-12 default rt-grid-hover-item rt-grid-item\" data-id=\"2715\">\n\t<div class=\"rt-holder tpg-post-holder\">\n\t\t<div class=\"rt-detail rt-el-content-wrapper\">\n\t\t\t\t\t\t\t<div class=\"rt-img-holder tpg-el-image-wrap has-thumbnail\">\n\t\t\t\t\t<a data-id=\"2715\" href=\"https:\/\/elprismadefer.com\/en\/galeria-de-fotos-peru\/\" class=\"tpg-post-link\" target=\"_self\">                        <img loading=\"lazy\" decoding=\"async\" src=\"https:\/\/elprismadefer.com\/wp-content\/uploads\/2019\/02\/peru00.jpg\"\n                             class=\"rt-img-responsive\"\n                             width=\"1200\"\n                             height=\"675\"\n                             alt=\"Machu Pichu - Per\u00fa\">\n                        \n                            \n        <\/a>\n                <div class=\"overlay grid-hover-content\"><\/div>\n        \t\t\t\t<\/div>\n\t\t\t\n\t\t\t<div class=\"grid-hover-content\">\n\n\t\t\t\t<div class=\"entry-title-wrapper\"><h3 class=\"entry-title\"><a data-id=\"2715\" href=\"https:\/\/elprismadefer.com\/en\/galeria-de-fotos-peru\/\" class=\"tpg-post-link\" target=\"_self\">Photo gallery: Peru<\/a><\/h3><\/div>\n\n\t\t\t\t\n\t\t\t\t\n\t\t\t\t\t\t\t<\/div>\n\t\t<\/div>\n\t<\/div>\n<\/div>\n\n<div class=\"rt-col-md-4 rt-col-sm-6 rt-col-xs-12 default rt-grid-hover-item rt-grid-item\" data-id=\"2713\">\n\t<div class=\"rt-holder tpg-post-holder\">\n\t\t<div class=\"rt-detail rt-el-content-wrapper\">\n\t\t\t\t\t\t\t<div class=\"rt-img-holder tpg-el-image-wrap has-thumbnail\">\n\t\t\t\t\t<a data-id=\"2713\" href=\"https:\/\/elprismadefer.com\/en\/galeria-de-fotos-malasya\/\" class=\"tpg-post-link\" target=\"_self\">                        <img loading=\"lazy\" decoding=\"async\" src=\"https:\/\/elprismadefer.com\/wp-content\/uploads\/2019\/02\/malasya04.jpg\"\n                             class=\"rt-img-responsive\"\n                             width=\"1200\"\n                             height=\"867\"\n                             alt=\"Kuala Lumpur - Malasya\">\n                        \n                            \n        <\/a>\n                <div class=\"overlay grid-hover-content\"><\/div>\n        \t\t\t\t<\/div>\n\t\t\t\n\t\t\t<div class=\"grid-hover-content\">\n\n\t\t\t\t<div class=\"entry-title-wrapper\"><h3 class=\"entry-title\"><a data-id=\"2713\" href=\"https:\/\/elprismadefer.com\/en\/galeria-de-fotos-malasya\/\" class=\"tpg-post-link\" target=\"_self\">Photo Gallery: Malaysia<\/a><\/h3><\/div>\n\n\t\t\t\t\n\t\t\t\t\n\t\t\t\t\t\t\t<\/div>\n\t\t<\/div>\n\t<\/div>\n<\/div>\n\n<div class=\"rt-col-md-4 rt-col-sm-6 rt-col-xs-12 default rt-grid-hover-item rt-grid-item\" data-id=\"2711\">\n\t<div class=\"rt-holder tpg-post-holder\">\n\t\t<div class=\"rt-detail rt-el-content-wrapper\">\n\t\t\t\t\t\t\t<div class=\"rt-img-holder tpg-el-image-wrap has-thumbnail\">\n\t\t\t\t\t<a data-id=\"2711\" href=\"https:\/\/elprismadefer.com\/en\/galeria-de-fotos-laos\/\" class=\"tpg-post-link\" target=\"_self\">                        <img loading=\"lazy\" decoding=\"async\" src=\"https:\/\/elprismadefer.com\/wp-content\/uploads\/2019\/02\/laos08.jpg\"\n                             class=\"rt-img-responsive\"\n                             width=\"1200\"\n                             height=\"900\"\n                             alt=\"Muang Ngoi - Laos\">\n                        \n                            \n        <\/a>\n                <div class=\"overlay grid-hover-content\"><\/div>\n        \t\t\t\t<\/div>\n\t\t\t\n\t\t\t<div class=\"grid-hover-content\">\n\n\t\t\t\t<div class=\"entry-title-wrapper\"><h3 class=\"entry-title\"><a data-id=\"2711\" href=\"https:\/\/elprismadefer.com\/en\/galeria-de-fotos-laos\/\" class=\"tpg-post-link\" target=\"_self\">Photo Gallery: Laos<\/a><\/h3><\/div>\n\n\t\t\t\t\n\t\t\t\t\n\t\t\t\t\t\t\t<\/div>\n\t\t<\/div>\n\t<\/div>\n<\/div>\n\n<div class=\"rt-col-md-4 rt-col-sm-6 rt-col-xs-12 default rt-grid-hover-item rt-grid-item\" data-id=\"2709\">\n\t<div class=\"rt-holder tpg-post-holder\">\n\t\t<div class=\"rt-detail rt-el-content-wrapper\">\n\t\t\t\t\t\t\t<div class=\"rt-img-holder tpg-el-image-wrap has-thumbnail\">\n\t\t\t\t\t<a data-id=\"2709\" href=\"https:\/\/elprismadefer.com\/en\/galeria-de-fotos-vietnam\/\" class=\"tpg-post-link\" target=\"_self\">                        <img loading=\"lazy\" decoding=\"async\" src=\"https:\/\/elprismadefer.com\/wp-content\/uploads\/2019\/02\/vietnam21.jpg\"\n                             class=\"rt-img-responsive\"\n                             width=\"1200\"\n                             height=\"777\"\n                             alt=\"Bah\u00eda de Ha-Long - Vietnam\">\n                        \n                            \n        <\/a>\n                <div class=\"overlay grid-hover-content\"><\/div>\n        \t\t\t\t<\/div>\n\t\t\t\n\t\t\t<div class=\"grid-hover-content\">\n\n\t\t\t\t<div class=\"entry-title-wrapper\"><h3 class=\"entry-title\"><a data-id=\"2709\" href=\"https:\/\/elprismadefer.com\/en\/galeria-de-fotos-vietnam\/\" class=\"tpg-post-link\" target=\"_self\">Photo Gallery: Vietnam<\/a><\/h3><\/div>\n\n\t\t\t\t\n\t\t\t\t\n\t\t\t\t\t\t\t<\/div>\n\t\t<\/div>\n\t<\/div>\n<\/div>\n\n<div class=\"rt-col-md-4 rt-col-sm-6 rt-col-xs-12 default rt-grid-hover-item rt-grid-item\" data-id=\"3815\">\n\t<div class=\"rt-holder tpg-post-holder\">\n\t\t<div class=\"rt-detail rt-el-content-wrapper\">\n\t\t\t\t\t\t\t<div class=\"rt-img-holder tpg-el-image-wrap has-thumbnail\">\n\t\t\t\t\t<a data-id=\"3815\" href=\"https:\/\/elprismadefer.com\/en\/galeria-de-fotos-chile\/\" class=\"tpg-post-link\" target=\"_self\">                        <img loading=\"lazy\" decoding=\"async\" src=\"https:\/\/elprismadefer.com\/wp-content\/uploads\/2019\/08\/chile_blog04.jpg\"\n                             class=\"rt-img-responsive\"\n                             width=\"1200\"\n                             height=\"900\"\n                             alt=\"Galer\u00eda de Fotos: Chile\">\n                        \n                            \n        <\/a>\n                <div class=\"overlay grid-hover-content\"><\/div>\n        \t\t\t\t<\/div>\n\t\t\t\n\t\t\t<div class=\"grid-hover-content\">\n\n\t\t\t\t<div class=\"entry-title-wrapper\"><h3 class=\"entry-title\"><a data-id=\"3815\" href=\"https:\/\/elprismadefer.com\/en\/galeria-de-fotos-chile\/\" class=\"tpg-post-link\" target=\"_self\">Photo Gallery: Chile<\/a><\/h3><\/div>\n\n\t\t\t\t\n\t\t\t\t\n\t\t\t\t\t\t\t<\/div>\n\t\t<\/div>\n\t<\/div>\n<\/div>\n                <\/div>\n\n\t\t\t\t\n            <\/div>\n        <\/div>\n\t\t\n\n\n<p><a href=\"http:\/\/creativecommons.org\/licenses\/by-nc-sa\/4.0\/\"><\/a>This work is under a <a href=\"http:\/\/creativecommons.org\/licenses\/by-nc-sa\/4.0\/\">Creative Commons Attribution-NonCommercial-ShareAlike 4.0 International License<\/a>. <\/p>","protected":false},"excerpt":{"rendered":"<p>Esta galer\u00eda es una colecci\u00f3n de fotos de mis viajes por el mundo: momentos, paisajes que dejaron huella en el camino. Cada imagen cuenta una peque\u00f1a parte de la historia&#8230;<\/p>","protected":false},"author":1,"featured_media":0,"parent":0,"menu_order":0,"comment_status":"closed","ping_status":"closed","template":"","meta":{"_mo_disable_npp":"","footnotes":""},"class_list":["post-2862","page","type-page","status-publish","hentry"],"yoast_head":"<!-- This site is optimized with the Yoast SEO plugin v27.5 - https:\/\/yoast.com\/product\/yoast-seo-wordpress\/ -->\n<title>Galer\u00eda fotogr\u00e1fica - El Prisma de Fer<\/title>\n<meta name=\"description\" content=\"Encontr\u00e1 fotos de los viajes que hice a lo largo de mi vida, fotos de paisajes y lugares que se quedaron grabados en mi mente y c\u00e1mara\" \/>\n<meta name=\"robots\" content=\"index, follow, max-snippet:-1, max-image-preview:large, max-video-preview:-1\" \/>\n<link rel=\"canonical\" href=\"https:\/\/elprismadefer.com\/en\/galeria-inicial\/\" \/>\n<meta property=\"og:locale\" content=\"en_US\" \/>\n<meta property=\"og:type\" content=\"article\" \/>\n<meta property=\"og:title\" content=\"Galer\u00eda fotogr\u00e1fica - El Prisma de Fer\" \/>\n<meta property=\"og:description\" content=\"Encontr\u00e1 fotos de los viajes que hice a lo largo de mi vida, fotos de paisajes y lugares que se quedaron grabados en mi mente y c\u00e1mara\" \/>\n<meta property=\"og:url\" content=\"https:\/\/elprismadefer.com\/en\/galeria-inicial\/\" \/>\n<meta property=\"og:site_name\" content=\"El Prisma de Fer\" \/>\n<meta property=\"article:modified_time\" content=\"2025-10-27T15:03:47+00:00\" \/>\n<meta name=\"twitter:card\" content=\"summary_large_image\" \/>\n<meta name=\"twitter:site\" content=\"@prismaDeFer\" \/>\n<meta name=\"twitter:label1\" content=\"Est. reading time\" \/>\n\t<meta name=\"twitter:data1\" content=\"1 minute\" \/>\n<script type=\"application\/ld+json\" class=\"yoast-schema-graph\">{\"@context\":\"https:\\\/\\\/schema.org\",\"@graph\":[{\"@type\":\"WebPage\",\"@id\":\"https:\\\/\\\/elprismadefer.com\\\/galeria-inicial\\\/\",\"url\":\"https:\\\/\\\/elprismadefer.com\\\/galeria-inicial\\\/\",\"name\":\"Galer\u00eda fotogr\u00e1fica - El Prisma de Fer\",\"isPartOf\":{\"@id\":\"https:\\\/\\\/elprismadefer.com\\\/#website\"},\"datePublished\":\"2019-02-10T14:10:23+00:00\",\"dateModified\":\"2025-10-27T15:03:47+00:00\",\"description\":\"Find photos of the trips I made throughout my life, photos of landscapes and places that remained engraved in my mind and camera.\",\"breadcrumb\":{\"@id\":\"https:\\\/\\\/elprismadefer.com\\\/galeria-inicial\\\/#breadcrumb\"},\"inLanguage\":\"en-US\",\"potentialAction\":[{\"@type\":\"ReadAction\",\"target\":[\"https:\\\/\\\/elprismadefer.com\\\/galeria-inicial\\\/\"]}],\"headline\":\"Photo gallery\"},{\"@type\":\"BreadcrumbList\",\"@id\":\"https:\\\/\\\/elprismadefer.com\\\/galeria-inicial\\\/#breadcrumb\",\"itemListElement\":[{\"@type\":\"ListItem\",\"position\":1,\"name\":\"Inicio\",\"item\":\"https:\\\/\\\/elprismadefer.com\\\/\"},{\"@type\":\"ListItem\",\"position\":2,\"name\":\"Galer\u00eda fotogr\u00e1fica\"}]},{\"@type\":\"WebSite\",\"@id\":\"https:\\\/\\\/elprismadefer.com\\\/#website\",\"url\":\"https:\\\/\\\/elprismadefer.com\\\/\",\"name\":\"El Prisma de Fer\",\"description\":\"Blog de viajes\",\"publisher\":{\"@id\":\"https:\\\/\\\/elprismadefer.com\\\/#\\\/schema\\\/person\\\/7e3e4fb7491a837023acaddd2ac658d7\"},\"potentialAction\":[{\"@type\":\"SearchAction\",\"target\":{\"@type\":\"EntryPoint\",\"urlTemplate\":\"https:\\\/\\\/elprismadefer.com\\\/?s={search_term_string}\"},\"query-input\":{\"@type\":\"PropertyValueSpecification\",\"valueRequired\":true,\"valueName\":\"search_term_string\"}}],\"inLanguage\":\"en-US\"},{\"@type\":\"Person\",\"@id\":\"https:\\\/\\\/elprismadefer.com\\\/#\\\/schema\\\/person\\\/7e3e4fb7491a837023acaddd2ac658d7\",\"name\":\"Fernando\",\"image\":{\"@type\":\"ImageObject\",\"inLanguage\":\"en-US\",\"@id\":\"https:\\\/\\\/elprismadefer.com\\\/wp-content\\\/uploads\\\/2025\\\/10\\\/blog_khiva31_home.webp\",\"url\":\"https:\\\/\\\/elprismadefer.com\\\/wp-content\\\/uploads\\\/2025\\\/10\\\/blog_khiva31_home.webp\",\"contentUrl\":\"https:\\\/\\\/elprismadefer.com\\\/wp-content\\\/uploads\\\/2025\\\/10\\\/blog_khiva31_home.webp\",\"width\":2000,\"height\":900,\"caption\":\"Fernando\"},\"description\":\"Fernando is a full-stack developer and independent traveler with years of experience exploring diverse destinations around the world, particularly in Asia and South America. Among his most notable journeys was the one he made along the Silk Road, from China to T\u00fcrkiye, also visiting the Indian subcontinent. Specializing in travel logistics in remote regions, he combines his analytical skills as a programmer with his field experience to create clear, precise guides accompanied by detailed maps. Through The Prism of Fer (\\\"El Prisma de Fer in spanish\\\"), he aims to make complex destinations accessible in a simple way, providing firsthand, verified information based on real-life experiences.\",\"sameAs\":[\"https:\\\/\\\/www.elprismadefer.com\\\/\",\"https:\\\/\\\/www.instagram.com\\\/el.prisma.de.fer\",\"https:\\\/\\\/www.linkedin.com\\\/in\\\/fernando-ca\u00edno-9b67a51b\\\/\",\"https:\\\/\\\/ar.pinterest.com\\\/elPrismaDeFer\\\/\",\"https:\\\/\\\/x.com\\\/prismaDeFer\",\"https:\\\/\\\/www.youtube.com\\\/@elprismadefer\",\"https:\\\/\\\/www.tumblr.com\\\/blog\\\/elprismadefer-blog\",\"https:\\\/\\\/www.tiktok.com\\\/@el.prisma.de.fer\",\"https:\\\/\\\/mastodon.social\\\/@elPrismaDeFer\",\"https:\\\/\\\/bsky.app\\\/profile\\\/theprismoffer.bsky.social\",\"https:\\\/\\\/www.reddit.com\\\/user\\\/the_Prism_of_Fer\\\/\",\"https:\\\/\\\/www.quora.com\\\/profile\\\/The-Prism-of-Fer\",\"https:\\\/\\\/www.tripadvisor.com\\\/Profile\\\/elPrismaDeFer\",\"https:\\\/\\\/www.google.com\\\/maps\\\/contrib\\\/104813403271976363413\\\/reviews\\\/@-4.2707352,-22.364449,3z\\\/data=!3m1!4b1!4m3!8m2!3m1!1e1?entry=ttu&g_ep=EgoyMDI2MDMxMS4wIKXMDSoASAFQAw%3D%3D\"],\"jobTitle\":\"Full-stack Developer & Travel Blogger\",\"alternateName\":[\"The Prism of Fer\",\"El Prisma de Fer\"],\"url\":\"https:\\\/\\\/elprismadefer.com\\\/en\\\/sobre-el-prisma-de-fer\\\/\",\"knowsAbout\":[\"Travel Photography\",\"Independent travel in all Asia (Central, South, East, Southeast, Caucasus)\",\"Independent travel in South America\",\"Silk Road history and logistics\",\"Long-distance trekking and hiking\",\"Full-stack Web Development (React, PHP, MySQL)\",\"Search Engine Optimization (SEO) for Travel Blogs\"]}]}<\/script>\n<!-- \/ Yoast SEO plugin. -->","yoast_head_json":{"title":"Galer\u00eda fotogr\u00e1fica - El Prisma de Fer","description":"Encontr\u00e1 fotos de los viajes que hice a lo largo de mi vida, fotos de paisajes y lugares que se quedaron grabados en mi mente y c\u00e1mara","robots":{"index":"index","follow":"follow","max-snippet":"max-snippet:-1","max-image-preview":"max-image-preview:large","max-video-preview":"max-video-preview:-1"},"canonical":"https:\/\/elprismadefer.com\/en\/galeria-inicial\/","og_locale":"en_US","og_type":"article","og_title":"Galer\u00eda fotogr\u00e1fica - El Prisma de Fer","og_description":"Encontr\u00e1 fotos de los viajes que hice a lo largo de mi vida, fotos de paisajes y lugares que se quedaron grabados en mi mente y c\u00e1mara","og_url":"https:\/\/elprismadefer.com\/en\/galeria-inicial\/","og_site_name":"El Prisma de Fer","article_modified_time":"2025-10-27T15:03:47+00:00","twitter_card":"summary_large_image","twitter_site":"@prismaDeFer","twitter_misc":{"Est. reading time":"1 minute"},"schema":{"@context":"https:\/\/schema.org","@graph":[{"@type":"WebPage","@id":"https:\/\/elprismadefer.com\/galeria-inicial\/","url":"https:\/\/elprismadefer.com\/galeria-inicial\/","name":"Galer\u00eda fotogr\u00e1fica - El Prisma de Fer","isPartOf":{"@id":"https:\/\/elprismadefer.com\/#website"},"datePublished":"2019-02-10T14:10:23+00:00","dateModified":"2025-10-27T15:03:47+00:00","description":"Find photos of the trips I made throughout my life, photos of landscapes and places that remained engraved in my mind and camera.","breadcrumb":{"@id":"https:\/\/elprismadefer.com\/galeria-inicial\/#breadcrumb"},"inLanguage":"en-US","potentialAction":[{"@type":"ReadAction","target":["https:\/\/elprismadefer.com\/galeria-inicial\/"]}],"headline":"Photo gallery"},{"@type":"BreadcrumbList","@id":"https:\/\/elprismadefer.com\/galeria-inicial\/#breadcrumb","itemListElement":[{"@type":"ListItem","position":1,"name":"Inicio","item":"https:\/\/elprismadefer.com\/"},{"@type":"ListItem","position":2,"name":"Galer\u00eda fotogr\u00e1fica"}]},{"@type":"WebSite","@id":"https:\/\/elprismadefer.com\/#website","url":"https:\/\/elprismadefer.com\/","name":"The Prism of Fer","description":"Blog de viajes","publisher":{"@id":"https:\/\/elprismadefer.com\/#\/schema\/person\/7e3e4fb7491a837023acaddd2ac658d7"},"potentialAction":[{"@type":"SearchAction","target":{"@type":"EntryPoint","urlTemplate":"https:\/\/elprismadefer.com\/?s={search_term_string}"},"query-input":{"@type":"PropertyValueSpecification","valueRequired":true,"valueName":"search_term_string"}}],"inLanguage":"en-US"},{"@type":"Person","@id":"https:\/\/elprismadefer.com\/#\/schema\/person\/7e3e4fb7491a837023acaddd2ac658d7","name":"Fernando","image":{"@type":"ImageObject","inLanguage":"en-US","@id":"https:\/\/elprismadefer.com\/wp-content\/uploads\/2025\/10\/blog_khiva31_home.webp","url":"https:\/\/elprismadefer.com\/wp-content\/uploads\/2025\/10\/blog_khiva31_home.webp","contentUrl":"https:\/\/elprismadefer.com\/wp-content\/uploads\/2025\/10\/blog_khiva31_home.webp","width":2000,"height":900,"caption":"Fernando"},"description":"Fernando is a full-stack developer and independent traveler with years of experience exploring diverse destinations around the world, particularly in Asia and South America. Among his most notable journeys was the one he made along the Silk Road, from China to T\u00fcrkiye, also visiting the Indian subcontinent. Specializing in travel logistics in remote regions, he combines his analytical skills as a programmer with his field experience to create clear, precise guides accompanied by detailed maps. Through The Prism of Fer (\"El Prisma de Fer in spanish\"), he aims to make complex destinations accessible in a simple way, providing firsthand, verified information based on real-life experiences.","sameAs":["https:\/\/www.elprismadefer.com\/","https:\/\/www.instagram.com\/el.prisma.de.fer","https:\/\/www.linkedin.com\/in\/fernando-ca\u00edno-9b67a51b\/","https:\/\/ar.pinterest.com\/elPrismaDeFer\/","https:\/\/x.com\/prismaDeFer","https:\/\/www.youtube.com\/@elprismadefer","https:\/\/www.tumblr.com\/blog\/elprismadefer-blog","https:\/\/www.tiktok.com\/@el.prisma.de.fer","https:\/\/mastodon.social\/@elPrismaDeFer","https:\/\/bsky.app\/profile\/theprismoffer.bsky.social","https:\/\/www.reddit.com\/user\/the_Prism_of_Fer\/","https:\/\/www.quora.com\/profile\/The-Prism-of-Fer","https:\/\/www.tripadvisor.com\/Profile\/elPrismaDeFer","https:\/\/www.google.com\/maps\/contrib\/104813403271976363413\/reviews\/@-4.2707352,-22.364449,3z\/data=!3m1!4b1!4m3!8m2!3m1!1e1?entry=ttu&g_ep=EgoyMDI2MDMxMS4wIKXMDSoASAFQAw%3D%3D"],"jobTitle":"Full-stack Developer & Travel Blogger","alternateName":["The Prism of Fer","El Prisma de Fer"],"url":"https:\/\/elprismadefer.com\/en\/sobre-el-prisma-de-fer\/","knowsAbout":["Travel Photography","Independent travel in all Asia (Central, South, East, Southeast, Caucasus)","Independent travel in South America","Silk Road history and logistics","Long-distance trekking and hiking","Full-stack Web Development (React, PHP, MySQL)","Search Engine Optimization (SEO) for Travel Blogs"]}]}},"rttpg_featured_image_url":null,"rttpg_author":{"display_name":"Fernando","author_link":"https:\/\/elprismadefer.com\/en\/sobre-el-prisma-de-fer\/"},"rttpg_comment":0,"rttpg_category":null,"rttpg_excerpt":"Esta galer\u00eda es una colecci\u00f3n de fotos de mis viajes por el mundo: momentos, paisajes que dejaron huella en el camino. Cada imagen cuenta una peque\u00f1a parte de la historia...","_links":{"self":[{"href":"https:\/\/elprismadefer.com\/en\/wp-json\/wp\/v2\/pages\/2862","targetHints":{"allow":["GET"]}}],"collection":[{"href":"https:\/\/elprismadefer.com\/en\/wp-json\/wp\/v2\/pages"}],"about":[{"href":"https:\/\/elprismadefer.com\/en\/wp-json\/wp\/v2\/types\/page"}],"author":[{"embeddable":true,"href":"https:\/\/elprismadefer.com\/en\/wp-json\/wp\/v2\/users\/1"}],"replies":[{"embeddable":true,"href":"https:\/\/elprismadefer.com\/en\/wp-json\/wp\/v2\/comments?post=2862"}],"version-history":[{"count":2,"href":"https:\/\/elprismadefer.com\/en\/wp-json\/wp\/v2\/pages\/2862\/revisions"}],"predecessor-version":[{"id":41770,"href":"https:\/\/elprismadefer.com\/en\/wp-json\/wp\/v2\/pages\/2862\/revisions\/41770"}],"wp:attachment":[{"href":"https:\/\/elprismadefer.com\/en\/wp-json\/wp\/v2\/media?parent=2862"}],"curies":[{"name":"wp","href":"https:\/\/api.w.org\/{rel}","templated":true}]}}